{"id":13107,"date":"2024-11-12T21:46:53","date_gmt":"2024-11-12T20:46:53","guid":{"rendered":"https:\/\/staging.deepproject.hr\/?page_id=13107"},"modified":"2026-06-02T20:09:01","modified_gmt":"2026-06-02T19:09:01","slug":"blog","status":"publish","type":"page","link":"https:\/\/deepproject.hr\/en\/blog\/","title":{"rendered":"Blog"},"content":{"rendered":"\t\t<div data-elementor-type=\"wp-page\" data-elementor-id=\"13107\" class=\"elementor elementor-13107\">\n\t\t\t\t        <section class=\"elementor-section elementor-top-section elementor-element elementor-element-a69af80 elementor-section-stretched elementor-section-boxed elementor-section-height-default elementor-section-height-default pxl-row-scroll-none pxl-zoom-point-false pxl-section-overflow-visible pxl-bg-color-none pxl-section-overlay-none\" data-id=\"a69af80\" data-element_type=\"section\" data-e-type=\"section\" data-settings=\"{&quot;stretch_section&quot;:&quot;section-stretched&quot;}\">\n\n                \n                <div class=\"elementor-container elementor-column-gap-extended \">\n                <div class=\"elementor-column elementor-col-100 elementor-top-column elementor-element elementor-element-f639176 pxl-column-none pxl-column-overflow-hidden-no\" data-id=\"f639176\" data-element_type=\"column\" data-e-type=\"column\">\r\n        <div class=\"elementor-widget-wrap elementor-element-populated\">\r\n                     \r\n        \t\t<div class=\"elementor-element elementor-element-1cf54a0 post-layout-post-list-1 elementor-invisible elementor-widget elementor-widget-pxl_post_list\" data-id=\"1cf54a0\" data-element_type=\"widget\" data-e-type=\"widget\" data-settings=\"{&quot;_animation&quot;:&quot;fadeInUp&quot;}\" data-widget_type=\"pxl_post_list.default\">\n\t\t\t\t<div class=\"elementor-widget-container\">\n\t\t\t\t\t\r\n<div id=\"pxl_post_list-1cf54a0-8851\" class=\"pxl-grid pxl-post-list layout-post-list-1\" data-layout-mode=\"fitRows\" data-start-page=\"1\" data-max-pages=\"14\" data-total=\"82\" data-perpage=\"6\" data-next-link=\"https:\/\/deepproject.hr\/en\/wp-json\/wp\/v2\/pages\/13107\/page\/2\/\" data-loadmore=\"{&quot;tax&quot;:[&quot;category&quot;],&quot;post_type&quot;:&quot;post&quot;,&quot;layout&quot;:&quot;post-list-1&quot;,&quot;select_post_by&quot;:&quot;post_selected&quot;,&quot;layout_mode&quot;:&quot;fitRows&quot;,&quot;startPage&quot;:1,&quot;maxPages&quot;:14,&quot;total&quot;:82,&quot;perpage&quot;:&quot;6&quot;,&quot;nextLink&quot;:&quot;https:\\\/\\\/deepproject.hr\\\/en\\\/wp-json\\\/wp\\\/v2\\\/pages\\\/13107\\\/page\\\/2\\\/&quot;,&quot;source&quot;:[],&quot;post_ids&quot;:&quot;&quot;,&quot;orderby&quot;:&quot;date&quot;,&quot;order&quot;:&quot;desc&quot;,&quot;limit&quot;:&quot;6&quot;,&quot;item_animation&quot;:&quot;&quot;,&quot;item_animation_duration&quot;:&quot;normal&quot;,&quot;item_animation_delay&quot;:&quot;150&quot;,&quot;img_size&quot;:&quot;900x800&quot;,&quot;show_date&quot;:&quot;&quot;,&quot;show_author&quot;:&quot;&quot;,&quot;show_category&quot;:&quot;&quot;,&quot;show_comment&quot;:&quot;&quot;,&quot;show_excerpt&quot;:&quot;true&quot;,&quot;num_words&quot;:50,&quot;show_readmore&quot;:&quot;true&quot;,&quot;readmore_text&quot;:&quot;Pro\\u010ditaj vi\\u0161e...&quot;,&quot;post_share&quot;:&quot;true&quot;,&quot;pagination_type&quot;:&quot;loadmore&quot;,&quot;show_toolbar&quot;:&quot;hide&quot;,&quot;wg_type&quot;:&quot;post-list&quot;}\">\r\n        <div class=\"pxl-list-inner d-flex-wrap relative\"> \r\n                <div class=\"list-item w-100 format-standard \" >\n            <div class=\"grid-item-inner item-inner-wrap row  format-standard\">\n                                <div class=\"item-featured col-lg-5\">\n                    <div class=\"post-image scale-hover\">\n                        <img fetchpriority=\"high\" decoding=\"async\" class=\"no-lazyload \" src=\"https:\/\/deepproject.hr\/wp-content\/uploads\/2026\/09\/MA-900x719.png\" width=\"900\" height=\"719\" alt=\"M&amp;A\" title=\"M&amp;A\" \/>       \n                        \n                                                                    <\/div> \n                <\/div>\n                                        <div class=\"wrap-item-content col-lg-7\">\n                <div class=\"item-content\">\n                                    <h3 class=\"item-title\"><a href=\"https:\/\/deepproject.hr\/en\/kultura-pasivnosti-kako-dobronamjerni-rukovoditelji-unistavaju-radne-navike-u-organizaciji\/\">Kultura pasivnosti: Kako dobronamjerni rukovoditelji uni\u0161tavaju radne navike u organizaciji<\/a><\/h3>\n                                    <div class=\"item-excerpt\">\n                        Mehanizmi usvajanja maladaptivnih organizacijskih pona\u0161anja u M&amp;A procesima procesima i svakodnevnoj korporativnoj dinamici Procesi spajanja i preuzimanja (M&amp;A) u po\u010detnim se fazama dominantno i sasvim razumljivo oslanjaju na lako mjerljive parametre poput financijskih izvje\u0161taja, analize tr\u017ei\u0161nih udjela, sinergijskih potencijala i optimizacije organizacijskih struktura. Pri \u010demu se \u010desto zanemaruje klju\u010dna komponenta&hellip;                    <\/div>\n                                                    <div class=\"blog-post-footer  align-items-center justify-content-between\">\n                                                    <div class=\"post-readmore \">\n                                <a class=\"btn btn-glossy\" href=\"https:\/\/deepproject.hr\/en\/kultura-pasivnosti-kako-dobronamjerni-rukovoditelji-unistavaju-radne-navike-u-organizaciji\/\">\n                                    <span class=\"pxl-button-text\">Pro\u010ditaj vi\u0161e...<\/span>\n                                <\/a>\n                            <\/div>\n                                                                            <div class=\"post-shares\">\n                                <span class=\"label\">\n                                    <i class=\"fas fa-share-alt\"><\/i>\n                                    Share                                <\/span>\n                                <div class=\"social-share\">\n                                    <div class=\"social \">\n                                        <a class=\"pxl-icon icon-facebook fab fa-facebook\" title=\"Facebook\" target=\"_blank\" href=\"https:\/\/www.facebook.com\/sharer\/sharer.php?u=https%3A%2F%2Fdeepproject.hr%2Fen%2Fkultura-pasivnosti-kako-dobronamjerni-rukovoditelji-unistavaju-radne-navike-u-organizaciji%2F\"><\/a>\n                                        <a class=\"pxl-icon icon-twitter fab fa-twitter\" title=\"Twitter\" target=\"_blank\" href=\"https:\/\/twitter.com\/intent\/tweet?original_referer=https:\/\/deepproject.hr\/en\/&url=https%3A%2F%2Fdeepproject.hr%2Fen%2Fkultura-pasivnosti-kako-dobronamjerni-rukovoditelji-unistavaju-radne-navike-u-organizaciji%2F&text=Kultura pasivnosti: Kako dobronamjerni rukovoditelji uni\u0161tavaju radne navike u organizaciji%20\"><\/a>\n                                        <a class=\"pxl-icon icon-linkedin fab fa-linkedin-in\" title=\"Linkedin\" target=\"_blank\" href=\"https:\/\/www.linkedin.com\/cws\/share?url=https%3A%2F%2Fdeepproject.hr%2Fen%2Fkultura-pasivnosti-kako-dobronamjerni-rukovoditelji-unistavaju-radne-navike-u-organizaciji%2F\"><\/a>\n                                        <a href=\"javascript:void(0);\" class=\"skype-share pxl-icon fab fa-skype\" data-href=\"https%3A%2F%2Fdeepproject.hr%2Fen%2Fkultura-pasivnosti-kako-dobronamjerni-rukovoditelji-unistavaju-radne-navike-u-organizaciji%2F\" data-lang=\"en-US\" data-text=\"Kultura pasivnosti: Kako dobronamjerni rukovoditelji uni\u0161tavaju radne navike u organizaciji\"><\/a> \n                                    <\/div>\n                                <\/div>\n\n                            <\/div>\n                                            <\/div>\n                            <\/div>\n        <\/div>\n        <\/div>\n<\/div>\n        <div class=\"list-item w-100 format-standard \" >\n            <div class=\"grid-item-inner item-inner-wrap row  format-standard\">\n                                <div class=\"item-featured col-lg-5\">\n                    <div class=\"post-image scale-hover\">\n                        <img decoding=\"async\" class=\"no-lazyload \" src=\"https:\/\/deepproject.hr\/wp-content\/uploads\/2026\/09\/Kassandrin-efekt-900x720.jpg\" width=\"900\" height=\"720\" alt=\"Kassandrin efekt\" title=\"Kassandrin efekt\" \/>       \n                        \n                                                                    <\/div> \n                <\/div>\n                                        <div class=\"wrap-item-content col-lg-7\">\n                <div class=\"item-content\">\n                                    <h3 class=\"item-title\"><a href=\"https:\/\/deepproject.hr\/en\/kasandrin-efekt-zasto-ne-vjerujemo-ljudima-koji-su-u-pravu\/\">Kasandrin efekt: Za\u0161to ne vjerujemo ljudima koji su u pravu?<\/a><\/h3>\n                                    <div class=\"item-excerpt\">\n                        U gr\u010dkoj mitologiji Kasandra je dobila neobi\u010dan dar i jo\u0161 neobi\u010dnije prokletstvo. Mogla je vidjeti budu\u0107nost, ali joj nitko nije vjerovao. Upozoravala je Trojance na ono \u0161to \u0107e se dogoditi, uklju\u010duju\u0107i na opasnost trojanskog konja, no njezina su upozorenja ostajala bez u\u010dinka. Njezina tragedija zato nije bila u tome \u0161to&hellip;                    <\/div>\n                                                    <div class=\"blog-post-footer  align-items-center justify-content-between\">\n                                                    <div class=\"post-readmore \">\n                                <a class=\"btn btn-glossy\" href=\"https:\/\/deepproject.hr\/en\/kasandrin-efekt-zasto-ne-vjerujemo-ljudima-koji-su-u-pravu\/\">\n                                    <span class=\"pxl-button-text\">Pro\u010ditaj vi\u0161e...<\/span>\n                                <\/a>\n                            <\/div>\n                                                                            <div class=\"post-shares\">\n                                <span class=\"label\">\n                                    <i class=\"fas fa-share-alt\"><\/i>\n                                    Share                                <\/span>\n                                <div class=\"social-share\">\n                                    <div class=\"social \">\n                                        <a class=\"pxl-icon icon-facebook fab fa-facebook\" title=\"Facebook\" target=\"_blank\" href=\"https:\/\/www.facebook.com\/sharer\/sharer.php?u=https%3A%2F%2Fdeepproject.hr%2Fen%2Fkasandrin-efekt-zasto-ne-vjerujemo-ljudima-koji-su-u-pravu%2F\"><\/a>\n                                        <a class=\"pxl-icon icon-twitter fab fa-twitter\" title=\"Twitter\" target=\"_blank\" href=\"https:\/\/twitter.com\/intent\/tweet?original_referer=https:\/\/deepproject.hr\/en\/&url=https%3A%2F%2Fdeepproject.hr%2Fen%2Fkasandrin-efekt-zasto-ne-vjerujemo-ljudima-koji-su-u-pravu%2F&text=Kasandrin efekt: Za\u0161to ne vjerujemo ljudima koji su u pravu?%20\"><\/a>\n                                        <a class=\"pxl-icon icon-linkedin fab fa-linkedin-in\" title=\"Linkedin\" target=\"_blank\" href=\"https:\/\/www.linkedin.com\/cws\/share?url=https%3A%2F%2Fdeepproject.hr%2Fen%2Fkasandrin-efekt-zasto-ne-vjerujemo-ljudima-koji-su-u-pravu%2F\"><\/a>\n                                        <a href=\"javascript:void(0);\" class=\"skype-share pxl-icon fab fa-skype\" data-href=\"https%3A%2F%2Fdeepproject.hr%2Fen%2Fkasandrin-efekt-zasto-ne-vjerujemo-ljudima-koji-su-u-pravu%2F\" data-lang=\"en-US\" data-text=\"Kasandrin efekt: Za\u0161to ne vjerujemo ljudima koji su u pravu?\"><\/a> \n                                    <\/div>\n                                <\/div>\n\n                            <\/div>\n                                            <\/div>\n                            <\/div>\n        <\/div>\n        <\/div>\n<\/div>\n        <div class=\"list-item w-100 format-standard \" >\n            <div class=\"grid-item-inner item-inner-wrap row  format-standard\">\n                                <div class=\"item-featured col-lg-5\">\n                    <div class=\"post-image scale-hover\">\n                        <img decoding=\"async\" class=\"no-lazyload \" src=\"https:\/\/deepproject.hr\/wp-content\/uploads\/2024\/11\/Slika2-15.jpg\" width=\"756\" height=\"487\" alt=\"Slika2\" title=\"Slika2\" \/>       \n                        \n                                                                    <\/div> \n                <\/div>\n                                        <div class=\"wrap-item-content col-lg-7\">\n                <div class=\"item-content\">\n                                    <h3 class=\"item-title\"><a href=\"https:\/\/deepproject.hr\/en\/razvoj-ljudi-u-vremenima-promjena-od-metakognicije-do-prospektivne-memorije\/\">Razvoj ljudi u vremenima promjena: od metakognicije do prospektivne memorije<\/a><\/h3>\n                                    <div class=\"item-excerpt\">\n                        People &amp; Culture mora po\u010deti razmi\u0161ljati ne samo o tome \u0161to se promijenilo oko nas, nego i \u0161to se promijenilo kod ljudi, umjesto da i dalje pretpostavlja da isti razvojni modeli, iste edukacijske teme i isti jezik kompetencija mogu odgovoriti na potpuno druk\u010diju zaposleni\u010dku stvarnost. Jer nije se promijenilo samo&hellip;                    <\/div>\n                                                    <div class=\"blog-post-footer  align-items-center justify-content-between\">\n                                                    <div class=\"post-readmore \">\n                                <a class=\"btn btn-glossy\" href=\"https:\/\/deepproject.hr\/en\/razvoj-ljudi-u-vremenima-promjena-od-metakognicije-do-prospektivne-memorije\/\">\n                                    <span class=\"pxl-button-text\">Pro\u010ditaj vi\u0161e...<\/span>\n                                <\/a>\n                            <\/div>\n                                                                            <div class=\"post-shares\">\n                                <span class=\"label\">\n                                    <i class=\"fas fa-share-alt\"><\/i>\n                                    Share                                <\/span>\n                                <div class=\"social-share\">\n                                    <div class=\"social \">\n                                        <a class=\"pxl-icon icon-facebook fab fa-facebook\" title=\"Facebook\" target=\"_blank\" href=\"https:\/\/www.facebook.com\/sharer\/sharer.php?u=https%3A%2F%2Fdeepproject.hr%2Fen%2Frazvoj-ljudi-u-vremenima-promjena-od-metakognicije-do-prospektivne-memorije%2F\"><\/a>\n                                        <a class=\"pxl-icon icon-twitter fab fa-twitter\" title=\"Twitter\" target=\"_blank\" href=\"https:\/\/twitter.com\/intent\/tweet?original_referer=https:\/\/deepproject.hr\/en\/&url=https%3A%2F%2Fdeepproject.hr%2Fen%2Frazvoj-ljudi-u-vremenima-promjena-od-metakognicije-do-prospektivne-memorije%2F&text=Razvoj ljudi u vremenima promjena: od metakognicije do prospektivne memorije%20\"><\/a>\n                                        <a class=\"pxl-icon icon-linkedin fab fa-linkedin-in\" title=\"Linkedin\" target=\"_blank\" href=\"https:\/\/www.linkedin.com\/cws\/share?url=https%3A%2F%2Fdeepproject.hr%2Fen%2Frazvoj-ljudi-u-vremenima-promjena-od-metakognicije-do-prospektivne-memorije%2F\"><\/a>\n                                        <a href=\"javascript:void(0);\" class=\"skype-share pxl-icon fab fa-skype\" data-href=\"https%3A%2F%2Fdeepproject.hr%2Fen%2Frazvoj-ljudi-u-vremenima-promjena-od-metakognicije-do-prospektivne-memorije%2F\" data-lang=\"en-US\" data-text=\"Razvoj ljudi u vremenima promjena: od metakognicije do prospektivne memorije\"><\/a> \n                                    <\/div>\n                                <\/div>\n\n                            <\/div>\n                                            <\/div>\n                            <\/div>\n        <\/div>\n        <\/div>\n<\/div>\n        <div class=\"list-item w-100 format-standard \" >\n            <div class=\"grid-item-inner item-inner-wrap row  format-standard\">\n                                <div class=\"item-featured col-lg-5\">\n                    <div class=\"post-image scale-hover\">\n                        <img loading=\"lazy\" decoding=\"async\" class=\"no-lazyload \" src=\"https:\/\/deepproject.hr\/wp-content\/uploads\/2025\/08\/16390-900x800.jpg\" width=\"900\" height=\"800\" alt=\"puzzle\" title=\"16390\" \/>       \n                        \n                                                                    <\/div> \n                <\/div>\n                                        <div class=\"wrap-item-content col-lg-7\">\n                <div class=\"item-content\">\n                                    <h3 class=\"item-title\"><a href=\"https:\/\/deepproject.hr\/en\/problem-nije-sto-ai-uci-na-ai-problem-je-sto-ljudi-prestaju-uciti-na-stvarnosti\/\">Problem nije \u0161to AI u\u010di na AI. Problem je \u0161to ljudi prestaju u\u010diti na stvarnosti.<\/a><\/h3>\n                                    <div class=\"item-excerpt\">\n                        U zadnje vrijeme sve \u010de\u0161\u0107e se provla\u010di teza da bi umjetna inteligencija mogla postati problem u trenutku kada po\u010dne u\u010diti na vlastitim sadr\u017eajima. Na prvu, to zvu\u010di logi\u010dno: sustav koji se zatvara u sebe, gubi kontakt sa stvarno\u0161\u0107u i po\u010dinje vrtjeti iste obrasce. No, nije li to sve, de facto,&hellip;                    <\/div>\n                                                    <div class=\"blog-post-footer  align-items-center justify-content-between\">\n                                                    <div class=\"post-readmore \">\n                                <a class=\"btn btn-glossy\" href=\"https:\/\/deepproject.hr\/en\/problem-nije-sto-ai-uci-na-ai-problem-je-sto-ljudi-prestaju-uciti-na-stvarnosti\/\">\n                                    <span class=\"pxl-button-text\">Pro\u010ditaj vi\u0161e...<\/span>\n                                <\/a>\n                            <\/div>\n                                                                            <div class=\"post-shares\">\n                                <span class=\"label\">\n                                    <i class=\"fas fa-share-alt\"><\/i>\n                                    Share                                <\/span>\n                                <div class=\"social-share\">\n                                    <div class=\"social \">\n                                        <a class=\"pxl-icon icon-facebook fab fa-facebook\" title=\"Facebook\" target=\"_blank\" href=\"https:\/\/www.facebook.com\/sharer\/sharer.php?u=https%3A%2F%2Fdeepproject.hr%2Fen%2Fproblem-nije-sto-ai-uci-na-ai-problem-je-sto-ljudi-prestaju-uciti-na-stvarnosti%2F\"><\/a>\n                                        <a class=\"pxl-icon icon-twitter fab fa-twitter\" title=\"Twitter\" target=\"_blank\" href=\"https:\/\/twitter.com\/intent\/tweet?original_referer=https:\/\/deepproject.hr\/en\/&url=https%3A%2F%2Fdeepproject.hr%2Fen%2Fproblem-nije-sto-ai-uci-na-ai-problem-je-sto-ljudi-prestaju-uciti-na-stvarnosti%2F&text=Problem nije \u0161to AI u\u010di na AI. Problem je \u0161to ljudi prestaju u\u010diti na stvarnosti.%20\"><\/a>\n                                        <a class=\"pxl-icon icon-linkedin fab fa-linkedin-in\" title=\"Linkedin\" target=\"_blank\" href=\"https:\/\/www.linkedin.com\/cws\/share?url=https%3A%2F%2Fdeepproject.hr%2Fen%2Fproblem-nije-sto-ai-uci-na-ai-problem-je-sto-ljudi-prestaju-uciti-na-stvarnosti%2F\"><\/a>\n                                        <a href=\"javascript:void(0);\" class=\"skype-share pxl-icon fab fa-skype\" data-href=\"https%3A%2F%2Fdeepproject.hr%2Fen%2Fproblem-nije-sto-ai-uci-na-ai-problem-je-sto-ljudi-prestaju-uciti-na-stvarnosti%2F\" data-lang=\"en-US\" data-text=\"Problem nije \u0161to AI u\u010di na AI. Problem je \u0161to ljudi prestaju u\u010diti na stvarnosti.\"><\/a> \n                                    <\/div>\n                                <\/div>\n\n                            <\/div>\n                                            <\/div>\n                            <\/div>\n        <\/div>\n        <\/div>\n<\/div>\n        <div class=\"list-item w-100 format-standard \" >\n            <div class=\"grid-item-inner item-inner-wrap row  format-standard\">\n                                <div class=\"item-featured col-lg-5\">\n                    <div class=\"post-image scale-hover\">\n                        <img loading=\"lazy\" decoding=\"async\" class=\"no-lazyload \" src=\"https:\/\/deepproject.hr\/wp-content\/uploads\/2026\/05\/Metacognition.jpg\" width=\"557\" height=\"313\" alt=\"Metacognition\" title=\"Metacognition\" \/>       \n                        \n                                                                    <\/div> \n                <\/div>\n                                        <div class=\"wrap-item-content col-lg-7\">\n                <div class=\"item-content\">\n                                    <h3 class=\"item-title\"><a href=\"https:\/\/deepproject.hr\/en\/metakognicija-nije-posebna-vrsta-pameti-nego-sposobnost-da-provjerimo-vlastito-misljenje\/\">Metakognicija nije posebna vrsta pameti, nego sposobnost da provjerimo vlastito mi\u0161ljenje<\/a><\/h3>\n                                    <div class=\"item-excerpt\">\n                        O metakogniciji se po\u010delo pisati u medijima, \u0161to je dobro jer se time metakognicija izvla\u010di iz vrlo uskog akademskog konteksta. No, u popularnim tekstovima \u010desto se romantizira, mije\u0161a s oblikom inteligencije, prikazuje kao rijetka osobina posebno \u201edubokih\u201d ljudi ili se svodi na jo\u0161 jednu privla\u010dnu psiholo\u0161ku \u201eetiketu\u201c. Time se fula&hellip;                    <\/div>\n                                                    <div class=\"blog-post-footer  align-items-center justify-content-between\">\n                                                    <div class=\"post-readmore \">\n                                <a class=\"btn btn-glossy\" href=\"https:\/\/deepproject.hr\/en\/metakognicija-nije-posebna-vrsta-pameti-nego-sposobnost-da-provjerimo-vlastito-misljenje\/\">\n                                    <span class=\"pxl-button-text\">Pro\u010ditaj vi\u0161e...<\/span>\n                                <\/a>\n                            <\/div>\n                                                                            <div class=\"post-shares\">\n                                <span class=\"label\">\n                                    <i class=\"fas fa-share-alt\"><\/i>\n                                    Share                                <\/span>\n                                <div class=\"social-share\">\n                                    <div class=\"social \">\n                                        <a class=\"pxl-icon icon-facebook fab fa-facebook\" title=\"Facebook\" target=\"_blank\" href=\"https:\/\/www.facebook.com\/sharer\/sharer.php?u=https%3A%2F%2Fdeepproject.hr%2Fen%2Fmetakognicija-nije-posebna-vrsta-pameti-nego-sposobnost-da-provjerimo-vlastito-misljenje%2F\"><\/a>\n                                        <a class=\"pxl-icon icon-twitter fab fa-twitter\" title=\"Twitter\" target=\"_blank\" href=\"https:\/\/twitter.com\/intent\/tweet?original_referer=https:\/\/deepproject.hr\/en\/&url=https%3A%2F%2Fdeepproject.hr%2Fen%2Fmetakognicija-nije-posebna-vrsta-pameti-nego-sposobnost-da-provjerimo-vlastito-misljenje%2F&text=Metakognicija nije posebna vrsta pameti, nego sposobnost da provjerimo vlastito mi\u0161ljenje%20\"><\/a>\n                                        <a class=\"pxl-icon icon-linkedin fab fa-linkedin-in\" title=\"Linkedin\" target=\"_blank\" href=\"https:\/\/www.linkedin.com\/cws\/share?url=https%3A%2F%2Fdeepproject.hr%2Fen%2Fmetakognicija-nije-posebna-vrsta-pameti-nego-sposobnost-da-provjerimo-vlastito-misljenje%2F\"><\/a>\n                                        <a href=\"javascript:void(0);\" class=\"skype-share pxl-icon fab fa-skype\" data-href=\"https%3A%2F%2Fdeepproject.hr%2Fen%2Fmetakognicija-nije-posebna-vrsta-pameti-nego-sposobnost-da-provjerimo-vlastito-misljenje%2F\" data-lang=\"en-US\" data-text=\"Metakognicija nije posebna vrsta pameti, nego sposobnost da provjerimo vlastito mi\u0161ljenje\"><\/a> \n                                    <\/div>\n                                <\/div>\n\n                            <\/div>\n                                            <\/div>\n                            <\/div>\n        <\/div>\n        <\/div>\n<\/div>\n        <div class=\"list-item w-100 format-standard \" >\n            <div class=\"grid-item-inner item-inner-wrap row  format-standard\">\n                                <div class=\"item-featured col-lg-5\">\n                    <div class=\"post-image scale-hover\">\n                        <img loading=\"lazy\" decoding=\"async\" class=\"no-lazyload \" src=\"https:\/\/deepproject.hr\/wp-content\/uploads\/2026\/05\/1778980544936-900x720.png\" width=\"900\" height=\"720\" alt=\"1778980544936\" title=\"1778980544936\" \/>       \n                        \n                                                                    <\/div> \n                <\/div>\n                                        <div class=\"wrap-item-content col-lg-7\">\n                <div class=\"item-content\">\n                                    <h3 class=\"item-title\"><a href=\"https:\/\/deepproject.hr\/en\/od-gallupa-prema-gartneru-buducnost-rada-nije-u-dojmu-nego-u-dizajnu-posla\/\">Od Gallupa prema Gartneru: budu\u0107nost rada nije u dojmu, nego u dizajnu posla<\/a><\/h3>\n                                    <div class=\"item-excerpt\">\n                        Rasprava o umjetnoj inteligenciji pre\u010desto kre\u0107e od pogre\u0161nog pitanja: koliko \u0107e ljudi AI zamijeniti? To pitanje nije neva\u017eno, ali je perspektiva preuska. Va\u017enije pitanje glasi: \u0161to \u0107e se dogoditi s organizacijama kada se po\u010dnu mijenjati poslovi, vje\u0161tine, timovi, odgovornosti i na\u010dini u\u010denja br\u017ee nego \u0161to su na to navikle? Upravo&hellip;                    <\/div>\n                                                    <div class=\"blog-post-footer  align-items-center justify-content-between\">\n                                                    <div class=\"post-readmore \">\n                                <a class=\"btn btn-glossy\" href=\"https:\/\/deepproject.hr\/en\/od-gallupa-prema-gartneru-buducnost-rada-nije-u-dojmu-nego-u-dizajnu-posla\/\">\n                                    <span class=\"pxl-button-text\">Pro\u010ditaj vi\u0161e...<\/span>\n                                <\/a>\n                            <\/div>\n                                                                            <div class=\"post-shares\">\n                                <span class=\"label\">\n                                    <i class=\"fas fa-share-alt\"><\/i>\n                                    Share                                <\/span>\n                                <div class=\"social-share\">\n                                    <div class=\"social \">\n                                        <a class=\"pxl-icon icon-facebook fab fa-facebook\" title=\"Facebook\" target=\"_blank\" href=\"https:\/\/www.facebook.com\/sharer\/sharer.php?u=https%3A%2F%2Fdeepproject.hr%2Fen%2Fod-gallupa-prema-gartneru-buducnost-rada-nije-u-dojmu-nego-u-dizajnu-posla%2F\"><\/a>\n                                        <a class=\"pxl-icon icon-twitter fab fa-twitter\" title=\"Twitter\" target=\"_blank\" href=\"https:\/\/twitter.com\/intent\/tweet?original_referer=https:\/\/deepproject.hr\/en\/&url=https%3A%2F%2Fdeepproject.hr%2Fen%2Fod-gallupa-prema-gartneru-buducnost-rada-nije-u-dojmu-nego-u-dizajnu-posla%2F&text=Od Gallupa prema Gartneru: budu\u0107nost rada nije u dojmu, nego u dizajnu posla%20\"><\/a>\n                                        <a class=\"pxl-icon icon-linkedin fab fa-linkedin-in\" title=\"Linkedin\" target=\"_blank\" href=\"https:\/\/www.linkedin.com\/cws\/share?url=https%3A%2F%2Fdeepproject.hr%2Fen%2Fod-gallupa-prema-gartneru-buducnost-rada-nije-u-dojmu-nego-u-dizajnu-posla%2F\"><\/a>\n                                        <a href=\"javascript:void(0);\" class=\"skype-share pxl-icon fab fa-skype\" data-href=\"https%3A%2F%2Fdeepproject.hr%2Fen%2Fod-gallupa-prema-gartneru-buducnost-rada-nije-u-dojmu-nego-u-dizajnu-posla%2F\" data-lang=\"en-US\" data-text=\"Od Gallupa prema Gartneru: budu\u0107nost rada nije u dojmu, nego u dizajnu posla\"><\/a> \n                                    <\/div>\n                                <\/div>\n\n                            <\/div>\n                                            <\/div>\n                            <\/div>\n        <\/div>\n        <\/div>\n<\/div>\n    <\/div>\r\n     \r\n                <div class=\"pxl-load-more \" data-loading-text=\"Loading\" data-loadmore-text=\"U\u010ditaj vi\u0161e\">\r\n            <span class=\"btn btn-grid-loadmore\">\r\n                <span class=\"btn-text\">U\u010ditaj vi\u0161e<\/span>\r\n            <\/span>\r\n        <\/div>\r\n    <\/div>\t\t\t\t<\/div>\n\t\t\t\t<\/div>\n\t\t            <\/div>\r\n        <\/div>\r\n        \t\t\t<\/div>\n\t\t<\/section>\n\t\t\t\t<\/div>\n\t\t","protected":false},"excerpt":{"rendered":"<p>Metakognicija nije posebna vrsta pameti, nego sposobnost da provjerimo vlastito mi\u0161ljenje Metakognicija nije posebna vrsta pameti, nego sposobnost da provjerimo vlastito mi\u0161ljenje O metakogniciji se po\u010delo pisati u medijima, \u0161to je dobro jer se time metakognicija izvla\u010di iz vrlo uskog akademskog konteksta. No, u popularnim tekstovima \u010desto se romantizira, mije\u0161a s oblikom inteligencije, prikazuje kao [&hellip;]<\/p>\n","protected":false},"author":1,"featured_media":0,"parent":0,"menu_order":0,"comment_status":"closed","ping_status":"closed","template":"","meta":{"om_disable_all_campaigns":false,"_monsterinsights_skip_tracking":false,"footnotes":""},"class_list":["post-13107","page","type-page","status-publish","hentry"],"aioseo_notices":[],"aioseo_head":"\n\t\t<!-- All in One SEO 5.0.1.1 - aioseo.com -->\n\t<meta name=\"description\" content=\"Kultura pasivnosti: Kako dobronamjerni rukovoditelji uni\u0161tavaju radne navike u organizaciji Mehanizmi usvajanja maladaptivnih organizacijskih pona\u0161anja u M&amp;A procesima procesima i svakodnevnoj korporativnoj dinamici Procesi spajanja i preuzimanja (M&amp;A) u po\u010detnim se fazama dominantno i sasvim razumljivo oslanjaju na lako mjerljive parametre poput financijskih izvje\u0161taja, analize tr\u017ei\u0161nih udjela, sinergijskih potencijala i optimizacije organizacijskih struktura. Pri \u010demu\" \/>\n\t<meta name=\"robots\" content=\"max-image-preview:large\" \/>\n\t<meta name=\"google-site-verification\" content=\"9LNCkDIc4qqc8sSoFhefPoNDwca2Atg5TyrgxXG-vkI\" \/>\n\t<link rel=\"canonical\" href=\"https:\/\/deepproject.hr\/en\/blog\/\" \/>\n\t<meta name=\"generator\" content=\"All in One SEO (AIOSEO) 5.0.1.1\" \/>\n\t\t<meta property=\"og:locale\" content=\"en_US\" \/>\n\t\t<meta property=\"og:site_name\" content=\"DeeP Project - Where People &amp; Culture meets Business!\" \/>\n\t\t<meta property=\"og:type\" content=\"article\" \/>\n\t\t<meta property=\"og:title\" content=\"Blog - DeeP Project\" \/>\n\t\t<meta property=\"og:description\" content=\"Kultura pasivnosti: Kako dobronamjerni rukovoditelji uni\u0161tavaju radne navike u organizaciji Mehanizmi usvajanja maladaptivnih organizacijskih pona\u0161anja u M&amp;A procesima procesima i svakodnevnoj korporativnoj dinamici Procesi spajanja i preuzimanja (M&amp;A) u po\u010detnim se fazama dominantno i sasvim razumljivo oslanjaju na lako mjerljive parametre poput financijskih izvje\u0161taja, analize tr\u017ei\u0161nih udjela, sinergijskih potencijala i optimizacije organizacijskih struktura. Pri \u010demu\" \/>\n\t\t<meta property=\"og:url\" content=\"https:\/\/deepproject.hr\/en\/blog\/\" \/>\n\t\t<meta property=\"og:image\" content=\"https:\/\/deepproject.hr\/wp-content\/uploads\/2024\/11\/deep-project-logo.svg\" \/>\n\t\t<meta property=\"og:image:secure_url\" content=\"https:\/\/deepproject.hr\/wp-content\/uploads\/2024\/11\/deep-project-logo.svg\" \/>\n\t\t<meta property=\"og:image:width\" content=\"86\" \/>\n\t\t<meta property=\"og:image:height\" content=\"90\" \/>\n\t\t<meta property=\"article:published_time\" content=\"2024-11-12T20:46:53+00:00\" \/>\n\t\t<meta property=\"article:modified_time\" content=\"2026-06-02T19:09:01+00:00\" \/>\n\t\t<meta name=\"twitter:card\" content=\"summary_large_image\" \/>\n\t\t<meta name=\"twitter:title\" content=\"Blog - DeeP Project\" \/>\n\t\t<meta name=\"twitter:description\" content=\"Kultura pasivnosti: Kako dobronamjerni rukovoditelji uni\u0161tavaju radne navike u organizaciji Mehanizmi usvajanja maladaptivnih organizacijskih pona\u0161anja u M&amp;A procesima procesima i svakodnevnoj korporativnoj dinamici Procesi spajanja i preuzimanja (M&amp;A) u po\u010detnim se fazama dominantno i sasvim razumljivo oslanjaju na lako mjerljive parametre poput financijskih izvje\u0161taja, analize tr\u017ei\u0161nih udjela, sinergijskih potencijala i optimizacije organizacijskih struktura. Pri \u010demu\" \/>\n\t\t<meta name=\"twitter:image\" content=\"https:\/\/deepproject.hr\/wp-content\/uploads\/2024\/11\/deep-project-logo.svg\" \/>\n\t\t<script type=\"application\/ld+json\" class=\"aioseo-schema\">\n\t\t\t{\"@context\":\"https:\\\/\\\/schema.org\",\"@graph\":[{\"@type\":\"BreadcrumbList\",\"@id\":\"https:\\\/\\\/deepproject.hr\\\/en\\\/blog\\\/#breadcrumblist\",\"itemListElement\":[{\"@type\":\"ListItem\",\"@id\":\"https:\\\/\\\/deepproject.hr\\\/en#listItem\",\"position\":1,\"name\":\"Home\",\"item\":\"https:\\\/\\\/deepproject.hr\\\/en\",\"nextItem\":{\"@type\":\"ListItem\",\"@id\":\"https:\\\/\\\/deepproject.hr\\\/en\\\/blog\\\/#listItem\",\"name\":\"Blog\"}},{\"@type\":\"ListItem\",\"@id\":\"https:\\\/\\\/deepproject.hr\\\/en\\\/blog\\\/#listItem\",\"position\":2,\"name\":\"Blog\",\"previousItem\":{\"@type\":\"ListItem\",\"@id\":\"https:\\\/\\\/deepproject.hr\\\/en#listItem\",\"name\":\"Home\"}}]},{\"@type\":\"Organization\",\"@id\":\"https:\\\/\\\/deepproject.hr\\\/en\\\/#organization\",\"name\":\"DeeP Project\",\"description\":\"Organizacijska dijagnostika, organizacijski razvoj i HR savjetovanje za bolju produktivnost, dono\\u0161enje odluka i poslovnu odr\\u017eivost.\",\"url\":\"https:\\\/\\\/deepproject.hr\\\/en\\\/\",\"telephone\":\"+385955656952\",\"logo\":{\"@type\":\"ImageObject\",\"url\":\"https:\\\/\\\/deepproject.hr\\\/wp-content\\\/uploads\\\/2024\\\/08\\\/03_DeeP-PROJECT_modificirana-verzija-logotipa.png\",\"@id\":\"https:\\\/\\\/deepproject.hr\\\/en\\\/blog\\\/#organizationLogo\",\"width\":1188,\"height\":525,\"caption\":\"logo\"},\"image\":{\"@id\":\"https:\\\/\\\/deepproject.hr\\\/en\\\/blog\\\/#organizationLogo\"},\"sameAs\":[\"https:\\\/\\\/www.linkedin.com\\\/company\\\/deepproject\\\/\"]},{\"@type\":\"WebPage\",\"@id\":\"https:\\\/\\\/deepproject.hr\\\/en\\\/blog\\\/#webpage\",\"url\":\"https:\\\/\\\/deepproject.hr\\\/en\\\/blog\\\/\",\"name\":\"Blog - DeeP Project\",\"description\":\"Kultura pasivnosti: Kako dobronamjerni rukovoditelji uni\\u0161tavaju radne navike u organizaciji Mehanizmi usvajanja maladaptivnih organizacijskih pona\\u0161anja u M&A procesima procesima i svakodnevnoj korporativnoj dinamici Procesi spajanja i preuzimanja (M&A) u po\\u010detnim se fazama dominantno i sasvim razumljivo oslanjaju na lako mjerljive parametre poput financijskih izvje\\u0161taja, analize tr\\u017ei\\u0161nih udjela, sinergijskih potencijala i optimizacije organizacijskih struktura. Pri \\u010demu\",\"inLanguage\":\"en-US\",\"isPartOf\":{\"@id\":\"https:\\\/\\\/deepproject.hr\\\/en\\\/#website\"},\"breadcrumb\":{\"@id\":\"https:\\\/\\\/deepproject.hr\\\/en\\\/blog\\\/#breadcrumblist\"},\"datePublished\":\"2024-11-12T21:46:53+01:00\",\"dateModified\":\"2026-06-02T20:09:01+01:00\"},{\"@type\":\"WebSite\",\"@id\":\"https:\\\/\\\/deepproject.hr\\\/en\\\/#website\",\"url\":\"https:\\\/\\\/deepproject.hr\\\/en\\\/\",\"name\":\"DeeP Project\",\"description\":\"Where People & Culture meets Business!\",\"inLanguage\":\"en-US\",\"publisher\":{\"@id\":\"https:\\\/\\\/deepproject.hr\\\/en\\\/#organization\"}}]}\n\t\t<\/script>\n\t\t<!-- All in One SEO -->\n\n","aioseo_head_json":{"title":"Blog - DeeP Project","description":"Kultura pasivnosti: Kako dobronamjerni rukovoditelji uni\u0161tavaju radne navike u organizaciji Mehanizmi usvajanja maladaptivnih organizacijskih pona\u0161anja u M&A procesima procesima i svakodnevnoj korporativnoj dinamici Procesi spajanja i preuzimanja (M&A) u po\u010detnim se fazama dominantno i sasvim razumljivo oslanjaju na lako mjerljive parametre poput financijskih izvje\u0161taja, analize tr\u017ei\u0161nih udjela, sinergijskih potencijala i optimizacije organizacijskih struktura. Pri \u010demu","canonical_url":"https:\/\/deepproject.hr\/en\/blog\/","robots":"max-image-preview:large","keywords":"","webmasterTools":{"google-site-verification":"9LNCkDIc4qqc8sSoFhefPoNDwca2Atg5TyrgxXG-vkI","miscellaneous":""},"schema":{"@context":"https:\/\/schema.org","@graph":[{"@type":"BreadcrumbList","@id":"https:\/\/deepproject.hr\/en\/blog\/#breadcrumblist","itemListElement":[{"@type":"ListItem","@id":"https:\/\/deepproject.hr\/en#listItem","position":1,"name":"Home","item":"https:\/\/deepproject.hr\/en","nextItem":{"@type":"ListItem","@id":"https:\/\/deepproject.hr\/en\/blog\/#listItem","name":"Blog"}},{"@type":"ListItem","@id":"https:\/\/deepproject.hr\/en\/blog\/#listItem","position":2,"name":"Blog","previousItem":{"@type":"ListItem","@id":"https:\/\/deepproject.hr\/en#listItem","name":"Home"}}]},{"@type":"Organization","@id":"https:\/\/deepproject.hr\/en\/#organization","name":"DeeP Project","description":"Organizacijska dijagnostika, organizacijski razvoj i HR savjetovanje za bolju produktivnost, dono\u0161enje odluka i poslovnu odr\u017eivost.","url":"https:\/\/deepproject.hr\/en\/","telephone":"+385955656952","logo":{"@type":"ImageObject","url":"https:\/\/deepproject.hr\/wp-content\/uploads\/2024\/08\/03_DeeP-PROJECT_modificirana-verzija-logotipa.png","@id":"https:\/\/deepproject.hr\/en\/blog\/#organizationLogo","width":1188,"height":525,"caption":"logo"},"image":{"@id":"https:\/\/deepproject.hr\/en\/blog\/#organizationLogo"},"sameAs":["https:\/\/www.linkedin.com\/company\/deepproject\/"]},{"@type":"WebPage","@id":"https:\/\/deepproject.hr\/en\/blog\/#webpage","url":"https:\/\/deepproject.hr\/en\/blog\/","name":"Blog - DeeP Project","description":"Kultura pasivnosti: Kako dobronamjerni rukovoditelji uni\u0161tavaju radne navike u organizaciji Mehanizmi usvajanja maladaptivnih organizacijskih pona\u0161anja u M&A procesima procesima i svakodnevnoj korporativnoj dinamici Procesi spajanja i preuzimanja (M&A) u po\u010detnim se fazama dominantno i sasvim razumljivo oslanjaju na lako mjerljive parametre poput financijskih izvje\u0161taja, analize tr\u017ei\u0161nih udjela, sinergijskih potencijala i optimizacije organizacijskih struktura. Pri \u010demu","inLanguage":"en-US","isPartOf":{"@id":"https:\/\/deepproject.hr\/en\/#website"},"breadcrumb":{"@id":"https:\/\/deepproject.hr\/en\/blog\/#breadcrumblist"},"datePublished":"2024-11-12T21:46:53+01:00","dateModified":"2026-06-02T20:09:01+01:00"},{"@type":"WebSite","@id":"https:\/\/deepproject.hr\/en\/#website","url":"https:\/\/deepproject.hr\/en\/","name":"DeeP Project","description":"Where People & Culture meets Business!","inLanguage":"en-US","publisher":{"@id":"https:\/\/deepproject.hr\/en\/#organization"}}]},"og:locale":"en_US","og:site_name":"DeeP Project - Where People &amp; Culture meets Business!","og:type":"article","og:title":"Blog - DeeP Project","og:description":"Kultura pasivnosti: Kako dobronamjerni rukovoditelji uni\u0161tavaju radne navike u organizaciji Mehanizmi usvajanja maladaptivnih organizacijskih pona\u0161anja u M&amp;A procesima procesima i svakodnevnoj korporativnoj dinamici Procesi spajanja i preuzimanja (M&amp;A) u po\u010detnim se fazama dominantno i sasvim razumljivo oslanjaju na lako mjerljive parametre poput financijskih izvje\u0161taja, analize tr\u017ei\u0161nih udjela, sinergijskih potencijala i optimizacije organizacijskih struktura. Pri \u010demu","og:url":"https:\/\/deepproject.hr\/en\/blog\/","og:image":"https:\/\/deepproject.hr\/wp-content\/uploads\/2024\/11\/deep-project-logo.svg","og:image:secure_url":"https:\/\/deepproject.hr\/wp-content\/uploads\/2024\/11\/deep-project-logo.svg","og:image:width":86,"og:image:height":90,"article:published_time":"2024-11-12T20:46:53+00:00","article:modified_time":"2026-06-02T19:09:01+00:00","twitter:card":"summary_large_image","twitter:title":"Blog - DeeP Project","twitter:description":"Kultura pasivnosti: Kako dobronamjerni rukovoditelji uni\u0161tavaju radne navike u organizaciji Mehanizmi usvajanja maladaptivnih organizacijskih pona\u0161anja u M&amp;A procesima procesima i svakodnevnoj korporativnoj dinamici Procesi spajanja i preuzimanja (M&amp;A) u po\u010detnim se fazama dominantno i sasvim razumljivo oslanjaju na lako mjerljive parametre poput financijskih izvje\u0161taja, analize tr\u017ei\u0161nih udjela, sinergijskih potencijala i optimizacije organizacijskih struktura. Pri \u010demu","twitter:image":"https:\/\/deepproject.hr\/wp-content\/uploads\/2024\/11\/deep-project-logo.svg"},"aioseo_meta_data":{"post_id":"13107","title":null,"description":null,"keywords":null,"keyphrases":null,"primary_term":null,"canonical_url":null,"og_title":null,"og_description":null,"og_object_type":"default","og_image_type":"default","og_image_url":null,"og_image_width":null,"og_image_height":null,"og_image_custom_url":null,"og_image_custom_fields":null,"og_video":null,"og_custom_url":null,"og_article_section":null,"og_article_tags":null,"twitter_use_og":false,"twitter_card":"default","twitter_image_type":"default","twitter_image_url":null,"twitter_image_custom_url":null,"twitter_image_custom_fields":null,"twitter_title":null,"twitter_description":null,"schema":{"blockGraphs":[],"customGraphs":[],"default":{"data":{"Article":[],"Course":[],"Dataset":[],"FAQPage":[],"Movie":[],"Person":[],"Product":[],"ProductReview":[],"Car":[],"Recipe":[],"Service":[],"SoftwareApplication":[],"WebPage":[]},"graphName":"","isEnabled":true},"graphs":[]},"schema_type":"default","schema_type_options":null,"pillar_content":false,"robots_default":true,"robots_noindex":false,"robots_noarchive":false,"robots_nosnippet":false,"robots_nofollow":false,"robots_noimageindex":false,"robots_noodp":false,"robots_notranslate":false,"robots_max_snippet":null,"robots_max_videopreview":null,"robots_max_imagepreview":"large","priority":null,"frequency":null,"local_seo":null,"breadcrumb_settings":null,"limit_modified_date":false,"ai":null,"created":"2025-10-19 15:32:40","updated":"2026-06-03 07:29:04","seo_analyzer_scan_date":null,"focus_keyword":null,"additional_keywords":null,"truseo_locale":null},"aioseo_breadcrumb":"<div class=\"aioseo-breadcrumbs\"><span class=\"aioseo-breadcrumb\">\n\t\t\t<a href=\"https:\/\/deepproject.hr\/en\" title=\"Home\">Home<\/a>\n\t\t<\/span><span class=\"aioseo-breadcrumb-separator\">&raquo;<\/span><span class=\"aioseo-breadcrumb\">\n\t\t\tBlog\n\t\t<\/span><\/div>","aioseo_breadcrumb_json":[{"label":"Home","link":"https:\/\/deepproject.hr\/en"},{"label":"Blog","link":"https:\/\/deepproject.hr\/en\/blog\/"}],"_links":{"self":[{"href":"https:\/\/deepproject.hr\/en\/wp-json\/wp\/v2\/pages\/13107","targetHints":{"allow":["GET"]}}],"collection":[{"href":"https:\/\/deepproject.hr\/en\/wp-json\/wp\/v2\/pages"}],"about":[{"href":"https:\/\/deepproject.hr\/en\/wp-json\/wp\/v2\/types\/page"}],"author":[{"embeddable":true,"href":"https:\/\/deepproject.hr\/en\/wp-json\/wp\/v2\/users\/1"}],"replies":[{"embeddable":true,"href":"https:\/\/deepproject.hr\/en\/wp-json\/wp\/v2\/comments?post=13107"}],"version-history":[{"count":43,"href":"https:\/\/deepproject.hr\/en\/wp-json\/wp\/v2\/pages\/13107\/revisions"}],"predecessor-version":[{"id":14964,"href":"https:\/\/deepproject.hr\/en\/wp-json\/wp\/v2\/pages\/13107\/revisions\/14964"}],"wp:attachment":[{"href":"https:\/\/deepproject.hr\/en\/wp-json\/wp\/v2\/media?parent=13107"}],"curies":[{"name":"wp","href":"https:\/\/api.w.org\/{rel}","templated":true}]}}